{"id":6795,"date":"2021-06-07T13:45:22","date_gmt":"2021-06-07T17:45:22","guid":{"rendered":"https:\/\/cpcx.ufms.br\/?page_id=6795"},"modified":"2021-06-07T13:52:01","modified_gmt":"2021-06-07T17:52:01","slug":"projetos-de-extensao","status":"publish","type":"page","link":"https:\/\/cpcx.ufms.br\/en\/enfermagem\/projetos\/projetos-de-extensao\/","title":{"rendered":"Projetos de Extens\u00e3o"},"content":{"rendered":"<hr>\n<h1>Projetos de Extens\u00e3o<\/h1>\n<hr>\n<h3>&nbsp;Cuidados com a automedica\u00e7\u00e3o a informa\u00e7\u00e3o \u00e9 o melhor rem\u00e9dio Ano 4.<\/h3>\n<p style=\"text-align: center\">(FINALIZADO)<\/p>\n<ul>\n<li>PROFESSOR COORDENADOR: Daniel Fraga<\/li>\n<li>ALUNOS VOLUNT\u00c1RIOS: Pollyanna Sim\u00f5es Coutinho; Amanda de Souza Valente; Daniela de Souza Oliveira; Valdenoura Portugal de Souza Marines; Franciely Vidovix; Janete Maria da Silva.<\/li>\n<li>HOR\u00c1RIO DAS REUNI\u00d5ES: sexta-feira \u00e0s 15:00h<\/li>\n<li>A\u00c7\u00d5ES DESENVOLVIDAS: Visita nas unidades b\u00e1sicas de sa\u00fade, atuando nas salas de espera para informar sobre os riscos da automedica\u00e7\u00e3o e sobre o armazenamento correto dos medicamentos<\/li>\n<\/ul>\n<h3>Integrar: a transfer\u00eancia do cuidado e o fortalecimento da rede de aten\u00e7\u00e3o \u00e0 sa\u00fade.<\/h3>\n<p style=\"text-align: center\">(FINALIZADO)<\/p>\n<ul>\n<li>PROFESSOR COORDENADOR: Rafaela Azevedo Abrantes de Oliveira e Verusca Soares de Souza<\/li>\n<li>PARTICIPANTES: 04 professores, 01 t\u00e9cnico, 16 volunt\u00e1rios<\/li>\n<li>A\u00c7\u00d5ES DESENVOLVIDAS: Avalia\u00e7\u00e3o dos pacientes pacientes internados no hospital e elabora\u00e7\u00e3o de plano de alta para favorecer a articula\u00e7\u00e3o dos diferentes n\u00edveis de aten\u00e7\u00e3o. Encontra-se em est\u00e1gio de finaliza\u00e7\u00e3o das atividades.<\/li>\n<\/ul>\n<h3>Sa\u00fade nas Escolas: fortalecimento da promo\u00e7\u00e3o de sa\u00fade ocular e auditiva.<\/h3>\n<p style=\"text-align: center\">(FINALIZADO)<\/p>\n<ul>\n<li>PROFESSOR COORDENADOR: Nathan Aratani<\/li>\n<li>PROFESSORA VICE-COORDENADORA: Ana Patr\u00edcia Ara\u00fajo Torquato Lopes<\/li>\n<li>ALUNOS BOLSISTAS: Ellen Nara Dias Campos, Josiel Araujo.<\/li>\n<li>ALUNOS VOLUNT\u00c1RIOS: Adriele Silva, Jessyka B\u00edscaro, Vinicius Gabriel Balbino .<\/li>\n<li>HOR\u00c1RIO DAS REUNI\u00d5ES: Mensais<\/li>\n<li>A\u00c7\u00d5ES DESENVOLVIDAS: Fase de tabula\u00e7\u00e3o de dados coletados.<\/li>\n<\/ul>\n<h3>&nbsp;Pr\u00e1ticas de Enfermagem na promo\u00e7\u00e3o da sa\u00fade mental de adolescentes.<\/h3>\n<ul>\n<li>PROFESSOR COORDENADOR: Helder de P\u00e1dua Lima<\/li>\n<li>PROFESSORES COLABORADORES: Sueli Santiago Baldan; Nathan Aratani; Roberta de Oliveira Maisatto<\/li>\n<li>ALUNOS BOLSISTAS: Daniela de Souza Oliveira; Jessica Ferreira Lemes<\/li>\n<li>Edital: PROECE 2019 PAEXT<\/li>\n<\/ul>\n<h3>Programa de aten\u00e7\u00e3o integral \u00e0 sa\u00fade da crian\u00e7a e adolescente (PAISCA).<\/h3>\n<p style=\"text-align: center\">(FINALIZADO)<\/p>\n<ul>\n<li>PROFESSOR COORDENADOR: Flavia Renata da Silva Zuque<\/li>\n<li>PARTICIPANTES: 06 professores e 08 alunos volunt\u00e1rios<\/li>\n<li>HOR\u00c1RIO DAS REUNI\u00d5ES: Mensais<\/li>\n<li>A\u00c7\u00d5ES DESENVOLVIDAS: Avalia\u00e7\u00e3o da situa\u00e7\u00e3o vacinal e avalia\u00e7\u00e3o antropom\u00e9trica de escolares, oficinas com adolescentes &#8211; ensino fundamental\/m\u00e9dio.<\/li>\n<\/ul>\n<p>&nbsp;<\/p>\n<p><strong>PROJETO HIPERAC\u0327A\u0303O&nbsp;<\/strong><\/p>\n<p style=\"text-align: center\">(FINALIZADO)<\/p>\n<ul>\n<li>VIG\u00caNCIA: 2018-2019<\/li>\n<li>PROFESSORA COORDENADORA: Soraia Geraldo Rozza Lopes<\/li>\n<li>PROFESSORES COLABORADORES: Sueli Baldan; Katia Motta, Emileide dos Santos Almeida Vaz<\/li>\n<li>T\u00c9CNICOS COLABORADORES: Fernanda Santos; Jhonatam M\u00e2nica; Juliana Santos Attilio<\/li>\n<li>ALUNAS BOLSISTAS: Ana Carolina Saggin Britto, Heliete Feitosa de Mattos<\/li>\n<li>ALUNOS VOLUNT\u00c1RIOS: Rosangela Manica; Paulo Ricardo Trussardi Maia; Josiel Ara\u00fajo de Souza; Kellyth Karolyne Santos reis; Leticia Ferreira Rocha; Lu\u00eds Gustavo Zanchett de Mendon\u00e7a; Monica Ferreira da Silva; Na\u00edra Suele da Concei\u00e7\u00e3o Santos; Vandei Alves de Oliveira; Rafaela Correia do Couto Martins; Roberley Magalh\u00e3es de Assis; Leticia Ferreira Rocha; Diana Auxiliadora Ferreira Miranda.<\/li>\n<li>A\u00c7\u00d5ES DESENVOLVIDAS: ac\u0327o\u0303es de dissemina\u00e7\u00e3o do conhecimento sobre DM, HAS e DRC, aproveitando o espac\u0327o p\u00fablico ja\u0301 existente, no qual realizamos orienta\u00e7\u00f5es em sau\u0301de, ac\u0327o\u0303es assistenciais (verifica\u00e7\u00e3o de pressa\u0303o arterial, teste de glicemia capilar, i\u0301ndice de massa corp\u00f3rea), entrega de panfletos com informa\u00e7\u00f5es de como prevenir essas doen\u00e7as. Este projeto foi desenvolvido em parceria com a secretaria de sau\u0301de de Coxim.<\/li>\n<\/ul>\n<h2><strong>PROJETOS DE EXTENS\u00c3O EM ANDAMENTO<\/strong><\/h2>\n<h3>&nbsp;Cuidados com a automedica\u00e7\u00e3o a informa\u00e7\u00e3o \u00e9 o melhor rem\u00e9dio Ano 5<\/h3>\n<p>VIG\u00caNCIA: 2020-2021<\/p>\n<p>PROFESSOR COORDENADOR: Daniel Fraga<\/p>\n<p>ALUNOS VOLUNT\u00c1RIOS:&nbsp;Adriele Lima da Silva, Ana Larissa Teodoro da Cunha, Ana Paula Santos Amorim, Beatriz Ferreira Mattos, Daniela Carlos dos Santos Alexandrino, Franciele Oliveira Pereira, Fancielly Vidovix, Hodila Marcela Gon\u00e7alves Silva, Isadora Nogueira Ehlers, Janete Maria da Silva, Joel Julio Schumacher, Josanny Liane dos Santos Lima, Let\u00edcia Muller Spazzini, Lorraine Ferreira da Silva, Lorraine dos Santos Carvalho, Maur\u00edcio Bispo da Silva, Michele Aparecida Figueira do Nascimento, Rayane Piuna, Rayane da Silva Brito, Thais Aline Padua do Nascimento de Arruda, Valdenoura Portugal de Souza, Vanessa Batista Rodrigues Andrade, Nathany Marcelly da Silva Andrade.<\/p>\n<p>HOR\u00c1RIO DAS REUNI\u00d5ES: sexta-feira \u00e0s 16:00h<\/p>\n<p>A\u00c7\u00d5ES DESENVOLVIDAS: Visita nas unidades b\u00e1sicas de sa\u00fade, atuando nas salas de espera para informar sobre os riscos da automedica\u00e7\u00e3o e sobre o armazenamento correto dos medicamentos<\/p>\n<h3>&nbsp; Pr\u00e1ticas de Enfermagem na promo\u00e7\u00e3o da sa\u00fade mental de adolescentes<\/h3>\n<p>Edital: PROECE 2019 PAEXT<\/p>\n<p>VIG\u00caNCIA:<\/p>\n<p>PROFESSOR COORDENADOR: Helder de P\u00e1dua Lima<\/p>\n<p>PROFESSORES COLABORADORES: Sueli Santiago Baldan; Nathan Aratani<\/p>\n<p>T\u00c9CNICOS COLABORADORES: Roberta de Oliveira Maisatto<\/p>\n<p>ALUNOS BOLSISTAS: Daniela de Souza Oliveira; Jessica Ferreira Lemes<\/p>\n<p>ALUNOS VOLUNT\u00c1RIOS:<\/p>\n<p>HOR\u00c1RIO DAS REUNI\u00d5ES: Quinzenais<\/p>\n<p>A\u00c7\u00d5ES DESENVOLVIDAS:<\/p>\n<h3>O Envolvimento com o Cuidado Paliativo<\/h3>\n<p>VIG\u00caNCIA: 2019<\/p>\n<p>PROFESSOR COORDENADOR: Jeane Marlene Foga\u00e7a de Assis Barreto<\/p>\n<p>PROFESSORES COLABORADORES:<\/p>\n<p>T\u00c9CNICOS COLABORADORES:<\/p>\n<p>ALUNOS BOLSISTAS:<\/p>\n<p>ALUNOS VOLUNT\u00c1RIOS:<\/p>\n<p>Let\u00edcia Mont&#8217;Serrat<\/p>\n<p>&#8211; Edmar Monteiro<\/p>\n<p>-Josiel Ara\u00fajo<\/p>\n<p>-Thais Borges Garcia<\/p>\n<p>&#8211; Edmar Monteiro<\/p>\n<p>&#8211; Let\u00edcia Nogueira<\/p>\n<p>&#8211; Jessyka Biscaro<\/p>\n<p>&#8211; Vit\u00f3ria Maria Nunes dos Santos<\/p>\n<p>-Bianca Nantes Nunes<\/p>\n<p>&#8211; Let\u00edcia Ferreira Rocha<\/p>\n<p>&#8211; Loislene Evangelista da Silva<\/p>\n<p>&#8211; Ana Larissa Teodoro da Cunha<\/p>\n<p>&#8211; Vin\u00edcius Gabriel Balbino Condack<\/p>\n<p>&#8211; Jussara Andrade da Silva<\/p>\n<p>&#8211; Ellen Nara Dias Campos de Jesus Pinto<\/p>\n<p>&#8211; Carlos Roberto Gomes Junnior<\/p>\n<p>-Lucia Maiza da Silva Pereira<\/p>\n<p>HOR\u00c1RIO DAS REUNI\u00d5ES: Quinzenais<\/p>\n<p>A\u00c7\u00d5ES DESENVOLVIDAS: A equipe aprofundou seus conhecimentos sobre cuidados paliativos, experimentou a pr\u00e1tica na divulga\u00e7\u00e3o dos conhecimentos,&nbsp;desenvolveu din\u00e2micas apropriadas a intera\u00e7\u00e3o infantil estimulando a\u00e7\u00f5es multidisciplinares e&nbsp;assimilou a necessidade de fortalecer os trabalhos de aten\u00e7\u00e3o, prote\u00e7\u00e3o e dissemina\u00e7\u00e3o do saber para propiciar qualidade de vida aos pacientes que sofrem desde que s\u00e3o diagnosticados com uma patologia incur\u00e1vel nas condi\u00e7\u00f5es atuais da medicina.<\/p>\n<p><strong>Implementa\u00e7\u00e3o da sistematiza\u00e7\u00e3o da assist\u00eancia de enfermagem em sa\u00fade mental no CAPS 1 de Coxim<\/strong><\/p>\n<p>VIG\u00caNCIA: 07\/2020 a 01\/2021<\/p>\n<p>PROFESSORA COORDENADORA: Naiara Gajo Silva<\/p>\n<p>PROFESSOR VICE-COORDENADOR: Guilherme de Olivera Arruda<\/p>\n<p>PROFESSORA COLABORADORA: Fl\u00e1via Renata da Silva Zuque<\/p>\n<p>ALUNOS BOLSISTAS:&nbsp;Isabely Ludmila de Souza e Moraes; e J\u00e9ssica Ferreira Lemes<\/p>\n<p>ALUNOS VOLUNT\u00c1RIOS:&nbsp;Thais Borges Garcia; e Vict\u00f3ria Carolina Branco Ara\u00fajo<\/p>\n<p>HOR\u00c1RIO DAS REUNI\u00d5ES:&nbsp;segundas de manh\u00e3 e\/ou&nbsp;sextas a tarde<\/p>\n<p>A\u00c7\u00d5ES DESENVOLVIDAS: Elabora\u00e7\u00e3o de protocolos assistenciais, produ\u00e7\u00e3o de impressos padronizados, consultas de enfermagem em sa\u00fade mental e grupos.<\/p>\n<p>&nbsp;<\/p>\n<p><strong>Efeitos do distanciamento social decorrentes da pandemia de COVID-19 na sa\u00fade mental de estudantes, t\u00e9cnicos e docentes de uma universidade p\u00fablica federal: estudo de coorte e a\u00e7\u00f5es de extens\u00e3o<\/strong><\/p>\n<p>VIG\u00caNCIA: 2020-2021<\/p>\n<p>PROFESSORA COORDENADORA: Soraia Geraldo Rozza Lopes<\/p>\n<p>PROFESSORES COLABORADORES: Ana Patr\u00edcia Ara\u00fajo Torquato Lopes, Guilherme Arruda, H\u00e9lder de P\u00e1dua e Verusca Soares de Souza<\/p>\n<p>T\u00c9CNICA COLABORADORA: Roberta Roberta de Oliveira Maisatto<\/p>\n<p>ALUNOS BOLSISTAS: Na\u00edra Suele, Let\u00edcia Mon&#8217;t Serrat<\/p>\n<p>ALUNOS VOLUNT\u00c1RIOS:&nbsp;Ana Carolina, Heliete Feitosa, Maur\u00edcio Bispo, Kellyth Karolyne, Eduardo Pinheiro<\/p>\n<p>HOR\u00c1RIO DAS REUNI\u00d5ES: virtuais oportunamente<\/p>\n<p>A\u00c7\u00d5ES DESENVOLVIDAS: Acolhimento, escuta e atendimento da comunidade universit\u00e1ria por meio de rodas de conversa, lives, bate-papos etc.<\/p>\n","protected":false},"excerpt":{"rendered":"<p>Projetos de Extens\u00e3o &nbsp;Cuidados com a automedica\u00e7\u00e3o a informa\u00e7\u00e3o \u00e9 o melhor rem\u00e9dio Ano 4. (FINALIZADO) PROFESSOR COORDENADOR: Daniel Fraga ALUNOS VOLUNT\u00c1RIOS: Pollyanna Sim\u00f5es Coutinho; Amanda de Souza Valente; Daniela de Souza Oliveira; Valdenoura Portugal de Souza Marines; Franciely Vidovix; Janete Maria da Silva. HOR\u00c1RIO DAS REUNI\u00d5ES: sexta-feira \u00e0s 15:00h A\u00c7\u00d5ES DESENVOLVIDAS: Visita nas unidades [&hellip;]<\/p>\n","protected":false},"author":7210,"featured_media":0,"parent":5043,"menu_order":0,"comment_status":"closed","ping_status":"closed","template":"","meta":{"_eb_attr":"","ngg_post_thumbnail":0,"footnotes":""},"coauthors":[],"class_list":["post-6795","page","type-page","status-publish","hentry"],"_links":{"self":[{"href":"https:\/\/cpcx.ufms.br\/en\/wp-json\/wp\/v2\/pages\/6795","targetHints":{"allow":["GET"]}}],"collection":[{"href":"https:\/\/cpcx.ufms.br\/en\/wp-json\/wp\/v2\/pages"}],"about":[{"href":"https:\/\/cpcx.ufms.br\/en\/wp-json\/wp\/v2\/types\/page"}],"author":[{"embeddable":true,"href":"https:\/\/cpcx.ufms.br\/en\/wp-json\/wp\/v2\/users\/7210"}],"replies":[{"embeddable":true,"href":"https:\/\/cpcx.ufms.br\/en\/wp-json\/wp\/v2\/comments?post=6795"}],"version-history":[{"count":1,"href":"https:\/\/cpcx.ufms.br\/en\/wp-json\/wp\/v2\/pages\/6795\/revisions"}],"predecessor-version":[{"id":6796,"href":"https:\/\/cpcx.ufms.br\/en\/wp-json\/wp\/v2\/pages\/6795\/revisions\/6796"}],"up":[{"embeddable":true,"href":"https:\/\/cpcx.ufms.br\/en\/wp-json\/wp\/v2\/pages\/5043"}],"wp:attachment":[{"href":"https:\/\/cpcx.ufms.br\/en\/wp-json\/wp\/v2\/media?parent=6795"}],"wp:term":[{"taxonomy":"author","embeddable":true,"href":"https:\/\/cpcx.ufms.br\/en\/wp-json\/wp\/v2\/coauthors?post=6795"}],"curies":[{"name":"wp","href":"https:\/\/api.w.org\/{rel}","templated":true}]}}