{"id":6797,"date":"2021-06-07T13:45:55","date_gmt":"2021-06-07T17:45:55","guid":{"rendered":"https:\/\/cpcx.ufms.br\/?page_id=6797"},"modified":"2021-06-07T13:50:57","modified_gmt":"2021-06-07T17:50:57","slug":"projetos-de-pesquisa","status":"publish","type":"page","link":"https:\/\/cpcx.ufms.br\/en\/enfermagem\/projetos\/projetos-de-pesquisa\/","title":{"rendered":"Projetos de Pesquisa"},"content":{"rendered":"<h1>Projetos de Pesquisa<\/h1>\n<hr>\n<h3>Diagn\u00f3stico e Preval\u00eancia de S\u00edndrome Metab\u00f3lica em adolescentes escolares do Munic\u00edpio de Coxim.<\/h3>\n<p style=\"text-align: center\">(FINALIZADO)<\/p>\n<ul>\n<li>PROFESSOR COORDENADOR: Katia Motta<\/li>\n<li>PROFESSORES COLABORADORES: Naiara Gajo Silva e Soraia Geraldo Rozza Lopes<\/li>\n<li>ALUNOS PIVIC: Luis Gustavo Zanchett; Naira Suele da Concei\u00e7\u00e3o e Josiel Araujo de Souza.<\/li>\n<li>ALUNOS VOLUNT\u00c1RIOS: Matheus M\u00e1rcio de Oliveira; Leticia da Silva Souza; Gabriela Alfredo Grion; Ana Paula Santos Amorim; Ana Larissa Teodoro da Cunha; Bianca Nantes Nunes; Michael Douglas Lizardo; Leticia Mont\u00b4Serrat da Cruz; Nivea Catharine Bentes da Silva.<\/li>\n<li>HOR\u00c1RIO DAS REUNI\u00d5ES: Segunda-feira 17h30 \u00e0s 18h30<\/li>\n<li>A\u00c7\u00d5ES DESENVOLVIDAS: Na pesquisa, encontra-se em fase de revis\u00e3o bibliogr\u00e1fica e prop\u00f5e a\u00e7\u00f5es de promo\u00e7\u00e3o \u00e0 sa\u00fade e preven\u00e7\u00e3o de agravos com foco na s\u00edndrome metab\u00f3lica.<\/li>\n<\/ul>\n<h2><strong>PROJETOS DE PESQUISA EM ANDAMENTO <\/strong><\/h2>\n<h4>&nbsp; Efetividade de um Programa de Promo\u00e7\u00e3o da Sa\u00fade Baseado no Autocuidado. APOIADO PARA ADULTOS HIPERTENSOS: estudo cl\u00ednico<\/h4>\n<p>VIG\u00caNCIA: 2020-2021<\/p>\n<p>PROFESSOR COORDENADOR: Ana Patr\u00edcia Ara\u00fajo Torquato Lopes<\/p>\n<p>PROFESSORES COLABORADORES:<\/p>\n<p>T\u00c9CNICOS COLABORADORES:<\/p>\n<p>ALUNOS BOLSISTAS:<\/p>\n<p>ALUNOS VOLUNT\u00c1RIOS:&nbsp;Ingrid Loise Cruz dos Santos, Luana Paula de oliveira, Luana Dias, Michele Nascimento, Raphaella Figueiredo<\/p>\n<p>HOR\u00c1RIO DAS REUNI\u00d5ES: Mensais.<\/p>\n<p>A\u00c7\u00d5ES DESENVOLVIDAS: Encontra-se em fase de discuss\u00e3o dos resultados<\/p>\n<p>&nbsp;<\/p>\n<ul>\n<li><strong>A interprofissionalidade na percep\u00e7\u00e3o de usu\u00e1rios do sistema \u00fanico de sa\u00fade.<\/strong><\/li>\n<\/ul>\n<p>VIG\u00caNCIA: 08\/2020 a 08\/ 2021<\/p>\n<p>PROFESSOR COORDENADOR: Beatriz Maria Jorge<br \/>\nALUNA BOLSISTA PIBIC: Gabriella Figueiredo Marti.<br \/>\nHOR\u00c1RIO DAS REUNI\u00d5ES: quinzenais, quartas-feiras, no per\u00edodo vespertino<br \/>\nA\u00c7\u00d5ES DESENVOLVIDAS: Revis\u00e3o da literatura; Coleta de dados; An\u00e1lise dos dados; Discuss\u00e3o e conclus\u00e3o; Elabora\u00e7\u00e3o de artigos cient\u00edficos; Divulga\u00e7\u00e3o dos resultados aos participantes, em eventos e peri\u00f3dicos.<\/p>\n<p>&nbsp;<\/p>\n<p><strong>Sa\u00fade mental da comunidade universit\u00e1ria de institui\u00e7\u00f5es p\u00fablicas federais do Centro-Oeste durante e ap\u00f3s o regime de distanciamento social decorrente da pandemia de COVID-19.<\/strong><\/p>\n<p>VIG\u00caNCIA: &nbsp;2020-2022<\/p>\n<p>PROFESSOR COORDENADOR: Cremildo Baptista<\/p>\n<p>ALUNOS VOLUNT\u00c1RIOS: Caio de Freitas Cunha; Amanda Gon\u00e7alves Torres; Giovana Pavoni Hip\u00f3lito; Ana Carolina Saggin Britto; Na\u00edra Suele da Concei\u00e7\u00e3o Santos; Heliete Feitosa de Matos; Kellyth Karolyne Santos Reis; Maur\u00edcio Bispo da Silva; Let\u00edcia Mont Serrat da Cruz; Let\u00edcia Mont Serrat da Cruz; Eduardo Gon\u00e7alves Pinheiro dos Santos; Mariana Guidini Pezzi Gouvea; Lu\u00eds Eduardo Lazarin Nolasco; Ant\u00f4nio Pereira da Cruz Junior; Larissa dos Santos Costa<\/p>\n<p>HOR\u00c1RIO DAS REUNI\u00d5ES: virtuais oportunamente<\/p>\n<p>A\u00c7\u00d5ES DESENVOLVIDAS:&nbsp; coleta e an\u00e1lise de dados sobre sa\u00fade mental e bem-estar de comunidades universit\u00e1rias da UFMS, UFMT, UFG e UnB durante a pandemia.<\/p>\n<p>&nbsp;<\/p>\n<p><strong>Efeitos do distanciamento social decorrentes da pandemia de COVID-19 na sa\u00fade mental de estudantes, t\u00e9cnicos e docentes de uma universidade p\u00fablica federal: estudo de coorte e a\u00e7\u00f5es de extens\u00e3o<\/strong><\/p>\n<p>VIG\u00caNCIA: &nbsp;2020-2022<\/p>\n<p>PROFESSOR COORDENADOR: Cremildo Baptista<\/p>\n<p>ALUNAS BOLSISTAS PIBIC: Let\u00edcia Mon&#8217;t Serrat, Na\u00edra Suele<\/p>\n<p>ALUNOS VOLUNT\u00c1RIOS: Ana Carolina, Heliete Feitosa, Maur\u00edcio Bispo, Kellyth Karolyne, Eduardo Pinheiro<\/p>\n<p>HOR\u00c1RIO DAS REUNI\u00d5ES: virtuais oportunamente<\/p>\n<p>A\u00c7\u00d5ES DESENVOLVIDAS: coleta e an\u00e1lise de dados sobre sa\u00fade mental e bem-estar da comunidade universit\u00e1ria da UFMS durante a pandemia.<\/p>\n<p>&nbsp;<\/p>\n<p><strong>Epidemiologia do SARS-CoV-2\/CoVID-19 na regi\u00e3o Centro Oeste do Brasil: caracter\u00edsticas cl\u00ednicas, curso cl\u00ednico e fatores de risco para morbimortalidade<\/strong><\/p>\n<p>VIG\u00caNCIA: &nbsp;2020-2022<\/p>\n<p>PROFESSOR COORDENADOR: Cremildo Baptista<\/p>\n<p>ALUNAS BOLSISTA PIBIC: Let\u00edcia Mon&#8217;t Serrat<\/p>\n<p>HOR\u00c1RIO DAS REUNI\u00d5ES: virtuais oportunamente<\/p>\n<p>A\u00c7\u00d5ES DESENVOLVIDAS: coleta e an\u00e1lise de dados relacionados \u00e0&nbsp;CoVID 19&nbsp; no SIM MS e no SIVEP-Gripe, coleta de dados de campo nas institui\u00e7\u00f5es credenciadas para o atendimento a pacientes com quadros relacionados \u00e0&nbsp;CoVID 19.<\/p>\n<h3>A pr\u00e1tica da automedica\u00e7\u00e3o entre acad\u00eamicos do curso de enfermagem UFMS \u2013 Campus Coxim<\/h3>\n<p>VIG\u00caNCIA: 2020-2021<\/p>\n<p>PROFESSOR COORDENADOR: Daniel Fraga<\/p>\n<p>ALUNOS VOLUNT\u00c1RIOS:&nbsp; Adelis dos Santos Ferreira Coronel; Flaviany da Silva Brito<\/p>\n<p>HOR\u00c1RIO DAS REUNI\u00d5ES: Quarta-feira 16:00h<\/p>\n<p>A\u00c7\u00d5ES DESENVOLVIDAS:<\/p>\n<p>&nbsp;<\/p>\n<p><strong>Morbimortalidade, motivos de procura e transi\u00e7\u00f5es de cuidado de homens na Aten\u00e7\u00e3o Prim\u00e1ria em Sa\u00fade<\/strong><\/p>\n<p>VIG\u00caNCIA: 11\/2020 a 06\/2022<\/p>\n<p>PROFESSOR COORDENADOR: Guilherme Oliveira de Arruda<\/p>\n<p>PROFESSORES COLABORADORES: Naiara Gajo Silva<\/p>\n<p>ALUNOS VOLUNT\u00c1RIOS:&nbsp;Rosivane Marques da Silva (gradua\u00e7\u00e3o). Aberto \u00e0 inclus\u00e3o de alunos.<\/p>\n<p>HOR\u00c1RIO DAS REUNI\u00d5ES: n\u00e3o se aplica<\/p>\n<p>A\u00c7\u00d5ES DESENVOLVIDAS: ser\u00e1 realizado pesquisa documental em prontu\u00e1rios de usu\u00e1rios da Aten\u00e7\u00e3o Prim\u00e1ria \u00e0 Sa\u00fade, entrevistas e aplica\u00e7\u00e3o de question\u00e1rios a usu\u00e1rios que passaram por atendimento no Hospital Regional de Coxim, coleta e an\u00e1lise de dados secund\u00e1rios provenientes do DATASUS.<\/p>\n<p>&nbsp;<\/p>\n<p><strong>O cuidado de enfermagem na aten\u00e7\u00e3o \u00e0 sa\u00fade mental em cen\u00e1rios de surtos, epidemias e pandemias: uma revis\u00e3o de escopo<\/strong><\/p>\n<p>VIG\u00caNCIA: 06\/2020 a 07\/2021<\/p>\n<p>PROFESSOR COORDENADOR: Guilherme Oliveira de Arruda<\/p>\n<p>PROFESSORES COLABORADORES: Naiara Gajo Silva, Helder de P\u00e1dua Lima e Bianca Cristina Ciccone Giacon<\/p>\n<p>ALUNOS VOLUNT\u00c1RIOS:&nbsp;Gleiciane da Silva Fonseca (mestranda) e Carmem Gress Veivenberg (mestranda).<\/p>\n<p>HOR\u00c1RIO DAS REUNI\u00d5ES: n\u00e3o se aplica<\/p>\n<p>A\u00c7\u00d5ES DESENVOLVIDAS: definido protocolo de revis\u00e3o, realizadas buscas em bases de dados cient\u00edficos em sa\u00fade e enfermagem. Encontra-se em fase de sele\u00e7\u00e3o de estudos (por t\u00edtulo e resumo) a serem analisados na \u00edntegra para poss\u00edvel inclus\u00e3o na revis\u00e3o.<\/p>\n<p>&nbsp;<\/p>\n<p><strong>Medo da COVID-19 e repercuss\u00f5es na sa\u00fade mental de trabalhadores do sistema \u00fanico de sa\u00fade em Mato Grosso do Sul<\/strong><\/p>\n<p>VIG\u00caNCIA: 12\/2020 a 12\/2021<\/p>\n<p>PROFESSOR COORDENADOR: Guilherme Oliveira de Arruda<\/p>\n<p>PROFESSORES COLABORADORES: Helder de P\u00e1dua Lima, Verusca Soares de Souza, Soraia Geraldo Rozza Lopes e Naiara Gajo Silva.<\/p>\n<p>ALUNOS VOLUNT\u00c1RIOS:&nbsp;Gleiciane da Silva Fonseca (mestranda). Ser\u00e3o inseridos alunos de gradua\u00e7\u00e3o \u00e0 equipe de pesquisa, posteriormente.<\/p>\n<p>HOR\u00c1RIO DAS REUNI\u00d5ES: n\u00e3o se aplica<\/p>\n<p>A\u00c7\u00d5ES DESENVOLVIDAS: em fase de submiss\u00e3o ao CEP e a edital de financiamento. Na pesquisa, ser\u00e1 realizada aplica\u00e7\u00e3o de question\u00e1rio online junto trabalhadores do SUS de Mato Grosso do Sul, com posterior an\u00e1lise estat\u00edstica dos dados, elabora\u00e7\u00e3o de artigos cient\u00edficos para publica\u00e7\u00e3o, relat\u00f3rio e apresenta\u00e7\u00e3o dos resultados para a Secretaria Estadual de Sa\u00fade.<\/p>\n<p>&nbsp;<\/p>\n<p><strong>Experi\u00eancias de parturientes, familiares e profissionais de sa\u00fade em tempos de pandemia de COVID-19 <\/strong><\/p>\n<p>Obs. Projeto est\u00e1 no aguardo do parecer do comit\u00ea de \u00e9tica para iniciar coleta de dados.<\/p>\n<p>VIG\u00caNCIA: 2020-2021<\/p>\n<p>PROFESSOR COORDENADOR: Helder de P\u00e1dua Lima<\/p>\n<p>PROFESSORES SUB-COORDENADORES: Soraia Geraldo Rozza Lopes e Verusca Soares de Souza.<\/p>\n<p>ALUNOS VOLUNT\u00c1RIOS:&nbsp;Priscielly Souza de Palhano (mestranda); Helo\u00edsa Nunes Botelho (aluna de gradua\u00e7\u00e3o Enfermagem CPCX)<\/p>\n<p>HOR\u00c1RIO DAS REUNI\u00d5ES: virtuais oportunamente<\/p>\n<p>A\u00c7\u00d5ES DESENVOLVIDAS: entrevista com as gestantes, familiares e profissionais de sa\u00fade em uma maternidade de m\u00e9dio porte em Campo Grande<\/p>\n<p>&nbsp;<\/p>\n<p><strong>An\u00e1lise por envolt\u00f3ria de dados de Hospitais com aten\u00e7\u00e3o a coopera\u00e7\u00e3o para sustentabilidade ambiental.<\/strong><\/p>\n<p>VIG\u00caNCIA:<\/p>\n<p>PROFESSOR COORDENADOR: Jeane Marlene Foga\u00e7a de Assis Barreto<\/p>\n<p>PROFESSORES COLABORADORES:<\/p>\n<p>T\u00c9CNICOS COLABORADORES:<\/p>\n<p>ALUNOS BOLSISTAS:<\/p>\n<p>ALUNOS VOLUNT\u00c1RIOS:&nbsp;Matheus Marcio de Oliveira; Carlos Roberto: Victoria Carolina; Polyana Luize<\/p>\n<p>HOR\u00c1RIO DAS REUNI\u00d5ES: Quinzenais.<\/p>\n<p>A\u00c7\u00d5ES DESENVOLVIDAS:<\/p>\n<p>&nbsp;<\/p>\n<p><strong>Preval\u00eancia e fatores associados a sintomas ansiosos e depressivos em estudantes universit\u00e1rios<\/strong><\/p>\n<p>VIG\u00caNCIA: 04\/2020 a 04\/2021<\/p>\n<p>PROFESSOR COORDENADOR: Naiara Gajo Silva<\/p>\n<p>PROFESSORES COLABORADORES: Guilherme Oliveira de Arruda<\/p>\n<p>T\u00c9CNICOS COLABORADORES: Roberta de Oliveira Maisatto<\/p>\n<p>ALUNOS VOLUNT\u00c1RIOS:&nbsp;Mateus Fernandes Ant\u00f4nio, Tais Silva Guerra, Eluaine&nbsp;Alexandre Santana (PIVIC), e&nbsp;Isabely Ludmila de Souza e Moraes.<\/p>\n<p>HOR\u00c1RIO DAS REUNI\u00d5ES: \u00faltima ter\u00e7a do m\u00eas as 9h<\/p>\n<p>A\u00c7\u00d5ES DESENVOLVIDAS: Projeto de pesquisa que coletar\u00e1 e analisar\u00e1 dados sobre sintomas de ansiedade e depress\u00e3o entre estudantes universit\u00e1rios do Campus Coxim. Os dados ser\u00e3o coletados entre setembro e outubro de 2020.<\/p>\n<p>&nbsp;<\/p>\n<p><strong>Tecnologia educativa para a preven\u00e7\u00e3o do p\u00e9 diab\u00e9tico <\/strong><\/p>\n<p>VIG\u00caNCIA: 2020-2021<\/p>\n<p>PROFESSOR COORDENADOR: Soraia Geraldo Rozza Lopes<\/p>\n<p>PROFESSORES COLABORADORES:<\/p>\n<p>T\u00c9CNICOS COLABORADORES:<\/p>\n<p>ALUNOS BOLSISTAS: em fase de sele\u00e7\u00e3o<\/p>\n<p>ALUNOS VOLUNT\u00c1RIOS:&nbsp;em fase de sele\u00e7\u00e3o<\/p>\n<p>HOR\u00c1RIO DAS REUNI\u00d5ES: a definir<\/p>\n<p>A\u00c7\u00d5ES DESENVOLVIDAS: ser\u00e3o realizadas atividades de educa\u00e7\u00e3o em sa\u00fade de pessoas com DM, ser\u00e3o avaliados os p\u00e9s das pessoas com DM, registrados em uma ficha de avalia\u00e7\u00e3o e os mesmos ser\u00e3o acompanhados longitudinalmente.<\/p>\n<p>&nbsp;<\/p>\n<h3>Seguran\u00e7a do paciente: perspectivas do ensino, pesquisa e extens\u00e3o.<\/h3>\n<p>VIG\u00caNCIA: 2020-2022<\/p>\n<p>PROFESSORA COORDENADORA: Verusca Soares de Souza<\/p>\n<p>ALUNOS VOLUNT\u00c1RIOS:&nbsp;Samara Sandy Pereira dos Santos; Karoliny Ruama Carrenho Ribeiro.<\/p>\n<p>HOR\u00c1RIO DAS REUNI\u00d5ES: \u00faltima quarta-feira do m\u00eas, \u00e0s 08h30<\/p>\n<p>A\u00c7\u00d5ES DESENVOLVIDAS: revis\u00e3o de literatura e discuss\u00e3o de texto sobre a tem\u00e1tica; discuss\u00e3o e elabora\u00e7\u00e3o das etapas de pesquisas que envolvem seres humanos; coleta de dados; divulga\u00e7\u00e3o cient\u00edfica (resumos para eventos e artigos cient\u00edficos).<\/p>\n<p>&nbsp;<\/p>\n","protected":false},"excerpt":{"rendered":"<p>Projetos de Pesquisa Diagn\u00f3stico e Preval\u00eancia de S\u00edndrome Metab\u00f3lica em adolescentes escolares do Munic\u00edpio de Coxim. (FINALIZADO) PROFESSOR COORDENADOR: Katia Motta PROFESSORES COLABORADORES: Naiara Gajo Silva e Soraia Geraldo Rozza Lopes ALUNOS PIVIC: Luis Gustavo Zanchett; Naira Suele da Concei\u00e7\u00e3o e Josiel Araujo de Souza. ALUNOS VOLUNT\u00c1RIOS: Matheus M\u00e1rcio de Oliveira; Leticia da Silva Souza; [&hellip;]<\/p>\n","protected":false},"author":7210,"featured_media":0,"parent":5043,"menu_order":0,"comment_status":"closed","ping_status":"closed","template":"","meta":{"_eb_attr":"","ngg_post_thumbnail":0,"footnotes":""},"coauthors":[],"class_list":["post-6797","page","type-page","status-publish","hentry"],"_links":{"self":[{"href":"https:\/\/cpcx.ufms.br\/en\/wp-json\/wp\/v2\/pages\/6797","targetHints":{"allow":["GET"]}}],"collection":[{"href":"https:\/\/cpcx.ufms.br\/en\/wp-json\/wp\/v2\/pages"}],"about":[{"href":"https:\/\/cpcx.ufms.br\/en\/wp-json\/wp\/v2\/types\/page"}],"author":[{"embeddable":true,"href":"https:\/\/cpcx.ufms.br\/en\/wp-json\/wp\/v2\/users\/7210"}],"replies":[{"embeddable":true,"href":"https:\/\/cpcx.ufms.br\/en\/wp-json\/wp\/v2\/comments?post=6797"}],"version-history":[{"count":3,"href":"https:\/\/cpcx.ufms.br\/en\/wp-json\/wp\/v2\/pages\/6797\/revisions"}],"predecessor-version":[{"id":6804,"href":"https:\/\/cpcx.ufms.br\/en\/wp-json\/wp\/v2\/pages\/6797\/revisions\/6804"}],"up":[{"embeddable":true,"href":"https:\/\/cpcx.ufms.br\/en\/wp-json\/wp\/v2\/pages\/5043"}],"wp:attachment":[{"href":"https:\/\/cpcx.ufms.br\/en\/wp-json\/wp\/v2\/media?parent=6797"}],"wp:term":[{"taxonomy":"author","embeddable":true,"href":"https:\/\/cpcx.ufms.br\/en\/wp-json\/wp\/v2\/coauthors?post=6797"}],"curies":[{"name":"wp","href":"https:\/\/api.w.org\/{rel}","templated":true}]}}