{"id":811,"date":"2015-03-24T16:01:45","date_gmt":"2015-03-24T20:01:45","guid":{"rendered":"http:\/\/cpcx.draconis.ufms.br\/?page_id=811"},"modified":"2025-09-10T15:38:27","modified_gmt":"2025-09-10T19:38:27","slug":"docentes","status":"publish","type":"page","link":"https:\/\/cpcx.ufms.br\/en\/sistemas-de-informacao\/docentes\/","title":{"rendered":"Docentes"},"content":{"rendered":"<div class=\"panel panel-default\">\n\t\t\t\t<div class=\"panel-heading\">\n\t\t\t\t\t<h4 class=\"panel-title\">\n\t\t\t\t\t\t<a class=\"\" data-toggle=\"collapse\" data-parent=\"#single-collapse\" href=\"#single-collapse-0\">Efetivos<\/a>\n\t\t\t\t\t<\/h4>\n\t\t\t\t<\/div>\n\t\t\t\t<div id=\"single-collapse-0\" class=\"panel-collapse in\">\n\t\t\t\t\t<div class=\"panel-body\">\n<table style=\"border-collapse: collapse;width: 100%;height: 818px\">\n<tbody>\n<tr style=\"height: 24px\">\n<td style=\"width: 3.12912%;height: 24px\">&nbsp;<\/td>\n<td style=\"width: 26.9746%;height: 24px\">&nbsp;<\/td>\n<td style=\"width: 6.89911%;height: 24px\">&nbsp;<\/td>\n<td style=\"width: 59.1141%;height: 24px\">&nbsp;<\/td>\n<td style=\"width: 3.88312%;height: 24px\">&nbsp;<\/td>\n<\/tr>\n<tr style=\"height: 218px\">\n<td style=\"width: 3.12912%;height: 218px\">&nbsp;<\/td>\n<td style=\"width: 26.9746%;height: 218px\"><a href=\"https:\/\/cpcx.ufms.br\/files\/2025\/09\/UFMS-2.png\"><img decoding=\"async\" class=\"aligncenter wp-image-12162\" src=\"https:\/\/cpcx.ufms.br\/files\/2025\/09\/UFMS-2-300x300.png\" alt=\"\" width=\"180\" height=\"180\" srcset=\"https:\/\/cpcx.ufms.br\/files\/2025\/09\/UFMS-2-300x300.png 300w, https:\/\/cpcx.ufms.br\/files\/2025\/09\/UFMS-2-1024x1024.png 1024w, https:\/\/cpcx.ufms.br\/files\/2025\/09\/UFMS-2-150x150.png 150w, https:\/\/cpcx.ufms.br\/files\/2025\/09\/UFMS-2-768x768.png 768w, https:\/\/cpcx.ufms.br\/files\/2025\/09\/UFMS-2-320x320.png 320w, https:\/\/cpcx.ufms.br\/files\/2025\/09\/UFMS-2.png 1080w\" sizes=\"(max-width: 180px) 100vw, 180px\" \/><\/a><\/td>\n<td style=\"width: 6.89911%;height: 218px\">&nbsp;<\/td>\n<td style=\"width: 59.1141%;height: 218px;text-align: center\"><strong>ALINE VI\u00daDES GARCIA DA SILVA<\/strong><\/p>\n<p style=\"text-align: justify\">Possui gradua\u00e7\u00e3o em Sistemas de Informa\u00e7\u00e3o pela Universidade Federal de Mato Grosso do Sul (2015). Tem experi\u00eancia na \u00e1rea de Ci\u00eancia da Computa\u00e7\u00e3o, com \u00eanfase em Sistemas de Computa\u00e7\u00e3o. Bacharelado em Sistemas de Informa\u00e7\u00e3o.&nbsp;<\/p>\n<p style=\"text-align: justify\"><strong>Ver&nbsp;<a href=\"http:\/\/lattes.cnpq.br\/2708367680798139\">Curr\u00edculo Lattes.<\/a><\/strong><\/p>\n<\/td>\n<td style=\"width: 3.88312%;height: 218px\">&nbsp;<\/td>\n<\/tr>\n<tr style=\"height: 24px\">\n<td style=\"width: 3.12912%;height: 24px\">&nbsp;<\/td>\n<td style=\"width: 26.9746%;height: 24px\">&nbsp;<\/td>\n<td style=\"width: 6.89911%;height: 24px\">&nbsp;<\/td>\n<td style=\"width: 59.1141%;height: 24px\">&nbsp;<\/td>\n<td style=\"width: 3.88312%;height: 24px\">&nbsp;<\/td>\n<\/tr>\n<tr style=\"height: 24px\">\n<td style=\"width: 3.12912%;height: 24px\">&nbsp;<\/td>\n<td style=\"width: 26.9746%;height: 24px;text-align: center\"><a href=\"https:\/\/cpcx.ufms.br\/files\/2025\/09\/59.png\"><img decoding=\"async\" class=\"alignnone wp-image-12163\" src=\"https:\/\/cpcx.ufms.br\/files\/2025\/09\/59-300x300.png\" alt=\"\" width=\"180\" height=\"180\" srcset=\"https:\/\/cpcx.ufms.br\/files\/2025\/09\/59-300x300.png 300w, https:\/\/cpcx.ufms.br\/files\/2025\/09\/59-1024x1024.png 1024w, https:\/\/cpcx.ufms.br\/files\/2025\/09\/59-150x150.png 150w, https:\/\/cpcx.ufms.br\/files\/2025\/09\/59-768x768.png 768w, https:\/\/cpcx.ufms.br\/files\/2025\/09\/59-320x320.png 320w, https:\/\/cpcx.ufms.br\/files\/2025\/09\/59.png 1080w\" sizes=\"(max-width: 180px) 100vw, 180px\" \/><\/a><\/td>\n<td style=\"width: 6.89911%;height: 24px\">&nbsp;<\/td>\n<td style=\"width: 59.1141%;height: 24px;text-align: center\"><b>ANGELO DARCY MOLIN BRUN<\/b><\/p>\n<p style=\"text-align: justify\">Possui P\u00f3s Gradua\u00e7\u00e3o a n\u00edvel de mestrado em Engenharia El\u00e9trica pela Universidade Federal de Mato Grosso do Sul (2010) e Gradua\u00e7\u00e3o em Ci\u00eancia da Computa\u00e7\u00e3o pela Uni\u00e3o Estudantil Sul Mato-Grossense (2006). Tem experi\u00eancia em Ci\u00eancia da Computa\u00e7\u00e3o, com \u00eanfase em Intelig\u00eancia Artificial e T\u00e9cnicas Estat\u00edsticas, atuando principalmente nos seguintes temas: evolu\u00e7\u00e3o diferencial, t\u00e9cnicas estat\u00edsticas, data mining e detec\u00e7\u00e3o de fraude em energia el\u00e9trica.&nbsp;<\/p>\n<p style=\"text-align: justify\"><strong>Ver <a href=\"http:\/\/lattes.cnpq.br\/6482415940227813\">Curr\u00edculo Lattes.<\/a><\/strong><\/p>\n<\/td>\n<td style=\"width: 3.88312%;height: 24px\">&nbsp;<\/td>\n<\/tr>\n<tr style=\"height: 24px\">\n<td style=\"width: 3.12912%;height: 24px\">&nbsp;<\/td>\n<td style=\"width: 26.9746%;height: 24px\">&nbsp;<\/td>\n<td style=\"width: 6.89911%;height: 24px\">&nbsp;<\/td>\n<td style=\"width: 59.1141%;height: 24px\">&nbsp;<\/td>\n<td style=\"width: 3.88312%;height: 24px\">&nbsp;<\/td>\n<\/tr>\n<tr style=\"height: 24px\">\n<td style=\"width: 3.12912%;height: 24px\">&nbsp;<\/td>\n<td style=\"width: 26.9746%;height: 24px;text-align: center\">&#8211;<\/td>\n<td style=\"width: 6.89911%;height: 24px\">&nbsp;<\/td>\n<td style=\"width: 59.1141%;height: 24px;text-align: center\"><strong>CLEITON GON\u00c7A<\/strong><strong>LVES DE ALMEIDA<\/strong><\/p>\n<p style=\"text-align: justify\">Possui gradua\u00e7\u00e3o em Sistemas de Informa\u00e7\u00e3o pela Universidade Federal de Mato Grosso do Sul (2016). Tem experi\u00eancia na \u00e1rea de Ci\u00eancia da Computa\u00e7\u00e3o, com \u00eanfase em Sistemas de Computa\u00e7\u00e3o. Bacharelado em Sistemas de Informa\u00e7\u00e3o.&nbsp;<\/p>\n<div align=\"justify\">\n<p><strong>Ver Curr\u00edculo Lattes.<\/strong><\/p>\n<\/div>\n<\/td>\n<td style=\"width: 3.88312%;height: 24px\">&nbsp;<\/td>\n<\/tr>\n<tr style=\"height: 24px\">\n<td style=\"width: 3.12912%;height: 24px\">&nbsp;<\/td>\n<td style=\"width: 26.9746%;height: 24px\">&nbsp;<\/td>\n<td style=\"width: 6.89911%;height: 24px\">&nbsp;<\/td>\n<td style=\"width: 59.1141%;height: 24px\">&nbsp;<\/td>\n<td style=\"width: 3.88312%;height: 24px\">&nbsp;<\/td>\n<\/tr>\n<tr style=\"height: 24px\">\n<td style=\"width: 3.12912%;height: 24px\">&nbsp;<\/td>\n<td style=\"width: 26.9746%;height: 24px;text-align: center\"><a href=\"https:\/\/cpcx.ufms.br\/files\/2025\/09\/60.png\"><img decoding=\"async\" class=\"alignnone wp-image-12164\" src=\"https:\/\/cpcx.ufms.br\/files\/2025\/09\/60-300x300.png\" alt=\"\" width=\"180\" height=\"180\" srcset=\"https:\/\/cpcx.ufms.br\/files\/2025\/09\/60-300x300.png 300w, https:\/\/cpcx.ufms.br\/files\/2025\/09\/60-1024x1024.png 1024w, https:\/\/cpcx.ufms.br\/files\/2025\/09\/60-150x150.png 150w, https:\/\/cpcx.ufms.br\/files\/2025\/09\/60-768x768.png 768w, https:\/\/cpcx.ufms.br\/files\/2025\/09\/60-320x320.png 320w, https:\/\/cpcx.ufms.br\/files\/2025\/09\/60.png 1080w\" sizes=\"(max-width: 180px) 100vw, 180px\" \/><\/a><\/td>\n<td style=\"width: 6.89911%;height: 24px\">&nbsp;<\/td>\n<td style=\"width: 59.1141%;height: 24px;text-align: center\"><strong><b>EKLER PAULINO DE MATTOS<\/b><\/strong><\/p>\n<p style=\"text-align: justify\">Graduou-se bacharel em Ci\u00eancia da Computa\u00e7\u00e3o pela Universidade Estadual de Mato Grosso do Sul (2002). Em 2007 recebeu o t\u00edtulo de mestre em Engenharia El\u00e9trica pela Universidade Estadual de Campinas. Suas \u00e1reas de pesquisa envolvem Redes de Computadores, Ger\u00eancia de Redes de Computadores, Sistemas Inteligentes, Sistemas Multi-Agentes.<\/p>\n<p style=\"text-align: justify\"><strong>Ver <a href=\"http:\/\/lattes.cnpq.br\/7090043691213580\">Curr\u00edculo Lattes.<\/a><\/strong><\/p>\n<\/td>\n<td style=\"width: 3.88312%;height: 24px\">&nbsp;<\/td>\n<\/tr>\n<tr style=\"height: 24px\">\n<td style=\"width: 3.12912%;height: 24px\">&nbsp;<\/td>\n<td style=\"width: 26.9746%;height: 24px\">&nbsp;<\/td>\n<td style=\"width: 6.89911%;height: 24px\">&nbsp;<\/td>\n<td style=\"width: 59.1141%;height: 24px\">&nbsp;<\/td>\n<td style=\"width: 3.88312%;height: 24px\">&nbsp;<\/td>\n<\/tr>\n<tr style=\"height: 24px\">\n<td style=\"width: 3.12912%;height: 24px\">&nbsp;<\/td>\n<td style=\"width: 26.9746%;height: 24px;text-align: center\"><a href=\"https:\/\/cpcx.ufms.br\/files\/2025\/09\/58.png\"><img loading=\"lazy\" decoding=\"async\" class=\"alignnone wp-image-12161\" src=\"https:\/\/cpcx.ufms.br\/files\/2025\/09\/58-300x300.png\" alt=\"\" width=\"180\" height=\"180\" srcset=\"https:\/\/cpcx.ufms.br\/files\/2025\/09\/58-300x300.png 300w, https:\/\/cpcx.ufms.br\/files\/2025\/09\/58-1024x1024.png 1024w, https:\/\/cpcx.ufms.br\/files\/2025\/09\/58-150x150.png 150w, https:\/\/cpcx.ufms.br\/files\/2025\/09\/58-768x768.png 768w, https:\/\/cpcx.ufms.br\/files\/2025\/09\/58-320x320.png 320w, https:\/\/cpcx.ufms.br\/files\/2025\/09\/58.png 1080w\" sizes=\"(max-width: 180px) 100vw, 180px\" \/><\/a><\/td>\n<td style=\"width: 6.89911%;height: 24px\">&nbsp;<\/td>\n<td style=\"width: 59.1141%;height: 24px;text-align: center\"><strong>GEDSON FARIA<\/strong><\/p>\n<p style=\"text-align: justify\">Possui gradua\u00e7\u00e3o em Bacharelado Em Ci\u00eancia da Computa\u00e7\u00e3o pela Universidade Federal de Mato Grosso do Sul (1997), mestrado em Ci\u00eancias da Computa\u00e7\u00e3o e Matem\u00e1tica Computacional pela Universidade de S\u00e3o Paulo (2000) e doutorado em Ci\u00eancias da Computa\u00e7\u00e3o e Matem\u00e1tica Computacional pela Universidade de S\u00e3o Paulo (2006). &nbsp;Tem experi\u00eancia na \u00e1rea de Ci\u00eancia da Computa\u00e7\u00e3o, com \u00eanfase em Intelig\u00eancia Artificial, atuando principalmente nos seguintes temas: sistemas baseados em comportamento, rob\u00f3tica m\u00f3vel, m\u00faltiplos agentes m\u00f3veis aut\u00f4nomos.<\/p>\n<p style=\"text-align: justify\"><strong>Ver <a href=\"http:\/\/lattes.cnpq.br\/2708367680798139\">Curr\u00edculo Lattes.<\/a><\/strong><\/p>\n<\/td>\n<td style=\"width: 3.88312%;height: 24px\">&nbsp;<\/td>\n<\/tr>\n<tr style=\"height: 24px\">\n<td style=\"width: 3.12912%;height: 24px\">&nbsp;<\/td>\n<td style=\"width: 26.9746%;height: 24px\">&nbsp;<\/td>\n<td style=\"width: 6.89911%;height: 24px\">&nbsp;<\/td>\n<td style=\"width: 59.1141%;height: 24px\">&nbsp;<\/td>\n<td style=\"width: 3.88312%;height: 24px\">&nbsp;<\/td>\n<\/tr>\n<tr style=\"height: 24px\">\n<td style=\"width: 3.12912%;height: 24px\">&nbsp;<\/td>\n<td style=\"width: 26.9746%;height: 24px;text-align: center\"><a href=\"https:\/\/cpcx.ufms.br\/files\/2025\/09\/UFMS-3.png\"><img loading=\"lazy\" decoding=\"async\" class=\"alignnone wp-image-12166\" src=\"https:\/\/cpcx.ufms.br\/files\/2025\/09\/UFMS-3-300x300.png\" alt=\"\" width=\"180\" height=\"180\" srcset=\"https:\/\/cpcx.ufms.br\/files\/2025\/09\/UFMS-3-300x300.png 300w, https:\/\/cpcx.ufms.br\/files\/2025\/09\/UFMS-3-1024x1024.png 1024w, https:\/\/cpcx.ufms.br\/files\/2025\/09\/UFMS-3-150x150.png 150w, https:\/\/cpcx.ufms.br\/files\/2025\/09\/UFMS-3-768x768.png 768w, https:\/\/cpcx.ufms.br\/files\/2025\/09\/UFMS-3-320x320.png 320w, https:\/\/cpcx.ufms.br\/files\/2025\/09\/UFMS-3.png 1080w\" sizes=\"(max-width: 180px) 100vw, 180px\" \/><\/a><\/td>\n<td style=\"width: 6.89911%;height: 24px\">&nbsp;<\/td>\n<td style=\"width: 59.1141%;height: 24px;text-align: center\"><strong>GLASIELLY DEMORI PROEN\u00c7A<\/strong><\/p>\n<p style=\"text-align: justify\">Possui gradua\u00e7\u00e3o no Bacharelado em Sistemas de Informa\u00e7\u00e3o pela Universidade Federal de Mato Grosso do Sul &#8211; C\u00e2mpus de Coxim, Mestrado em Ci\u00eancia da Computa\u00e7\u00e3o pela Universidade Federal de Mato Grosso do Sul &#8211; Faculdade de Computa\u00e7\u00e3o. A pesquisa de mestrado \u00e9 na grande \u00e0rea da Teoria da Computa\u00e7\u00e3o na sub-\u00e0rea de Grafos. Lecionou nos cursos de Ci\u00eancia da Computa\u00e7\u00e3o e de Sistemas de Informa\u00e7\u00e3o da UFMS-CPPP no per\u00edodo de 2012-2014 como professora substituta.<\/p>\n<p style=\"text-align: justify\"><strong>Ver <a href=\"http:\/\/lattes.cnpq.br\/6593791073104449\">Curr\u00edculo Lattes.<\/a><\/strong><\/p>\n<\/td>\n<td style=\"width: 3.88312%;height: 24px\">&nbsp;<\/td>\n<\/tr>\n<tr style=\"height: 24px\">\n<td style=\"width: 3.12912%;height: 24px\">&nbsp;<\/td>\n<td style=\"width: 26.9746%;height: 24px\">&nbsp;<\/td>\n<td style=\"width: 6.89911%;height: 24px\">&nbsp;<\/td>\n<td style=\"width: 59.1141%;height: 24px\">&nbsp;<\/td>\n<td style=\"width: 3.88312%;height: 24px\">&nbsp;<\/td>\n<\/tr>\n<tr style=\"height: 24px\">\n<td style=\"width: 3.12912%;height: 24px\">&nbsp;<\/td>\n<td style=\"width: 26.9746%;height: 24px;text-align: center\"><a href=\"https:\/\/cpcx.ufms.br\/files\/2025\/09\/61.png\"><img loading=\"lazy\" decoding=\"async\" class=\"alignnone wp-image-12168\" src=\"https:\/\/cpcx.ufms.br\/files\/2025\/09\/61-300x300.png\" alt=\"\" width=\"180\" height=\"180\" srcset=\"https:\/\/cpcx.ufms.br\/files\/2025\/09\/61-300x300.png 300w, https:\/\/cpcx.ufms.br\/files\/2025\/09\/61-1024x1024.png 1024w, https:\/\/cpcx.ufms.br\/files\/2025\/09\/61-150x150.png 150w, https:\/\/cpcx.ufms.br\/files\/2025\/09\/61-768x768.png 768w, https:\/\/cpcx.ufms.br\/files\/2025\/09\/61-320x320.png 320w, https:\/\/cpcx.ufms.br\/files\/2025\/09\/61.png 1080w\" sizes=\"(max-width: 180px) 100vw, 180px\" \/><\/a><\/td>\n<td style=\"width: 6.89911%;height: 24px\">&nbsp;<\/td>\n<td style=\"width: 59.1141%;height: 24px;text-align: center\"><b>KLEBER KRUGER<\/b><\/p>\n<p style=\"text-align: justify\">Possui gradua\u00e7\u00e3o em Sistemas de Informa\u00e7\u00e3o pela Universidade Federal do Mato Grosso do Sul (2010) e mestrado em Ci\u00eancia da Computa\u00e7\u00e3o (2014) na \u00e1rea de arquitetura de computadores pela mesma institui\u00e7\u00e3o. Tem experi\u00eancia em sistemas embarcados e toler\u00e2ncia a falhas. Em mercado, atuou como desenvolvedor de software em um Sistema Operacional para cacheamento de conte\u00fado web.<\/p>\n<p style=\"text-align: justify\"><strong>Ver <a href=\"http:\/\/lattes.cnpq.br\/0929987193768978\" target=\"_blank\" rel=\"noopener noreferrer\">Curr\u00edculo Lattes.<\/a><\/strong><\/p>\n<\/td>\n<td style=\"width: 3.88312%;height: 24px\">&nbsp;<\/td>\n<\/tr>\n<tr style=\"height: 24px\">\n<td style=\"width: 3.12912%;height: 24px\">&nbsp;<\/td>\n<td style=\"width: 26.9746%;height: 24px\">&nbsp;<\/td>\n<td style=\"width: 6.89911%;height: 24px\">&nbsp;<\/td>\n<td style=\"width: 59.1141%;height: 24px\">&nbsp;<\/td>\n<td style=\"width: 3.88312%;height: 24px\">&nbsp;<\/td>\n<\/tr>\n<tr style=\"height: 24px\">\n<td style=\"width: 3.12912%;height: 24px\">&nbsp;<\/td>\n<td style=\"width: 26.9746%;height: 24px;text-align: center\"><a href=\"https:\/\/cpcx.ufms.br\/files\/2025\/09\/62.png\"><img loading=\"lazy\" decoding=\"async\" class=\"alignnone wp-image-12169\" src=\"https:\/\/cpcx.ufms.br\/files\/2025\/09\/62-300x300.png\" alt=\"\" width=\"180\" height=\"180\" srcset=\"https:\/\/cpcx.ufms.br\/files\/2025\/09\/62-300x300.png 300w, https:\/\/cpcx.ufms.br\/files\/2025\/09\/62-1024x1024.png 1024w, https:\/\/cpcx.ufms.br\/files\/2025\/09\/62-150x150.png 150w, https:\/\/cpcx.ufms.br\/files\/2025\/09\/62-768x768.png 768w, https:\/\/cpcx.ufms.br\/files\/2025\/09\/62-320x320.png 320w, https:\/\/cpcx.ufms.br\/files\/2025\/09\/62.png 1080w\" sizes=\"(max-width: 180px) 100vw, 180px\" \/><\/a><\/td>\n<td style=\"width: 6.89911%;height: 24px\">&nbsp;<\/td>\n<td style=\"width: 59.1141%;height: 24px;text-align: center\"><b>PRISCILA SILVA MARTINS<\/b><\/p>\n<p style=\"text-align: justify\">Possui gradua\u00e7\u00e3o em Engenharia de Computa\u00e7\u00e3o pela Universidade Cat\u00f3lica Dom Bosco (2000) e mestrado em Engenharia El\u00e9trica pela Universidade Federal de Santa Catarina (2003). Tem experi\u00eancia na \u00e1rea de Ci\u00eancia da Computa\u00e7\u00e3o , com \u00eanfase em Sistemas de Computa\u00e7\u00e3o. Atuando principalmente nos seguintes temas: sistemas multiagentes, aprendizado de m\u00e1quina, intelig\u00eancia artificial, Aprendizado por refor\u00e7o.<\/p>\n<p style=\"text-align: justify\"><strong>Ver <a href=\"http:\/\/lattes.cnpq.br\/6104521499386163\">Curr\u00edculo Lattes.<\/a><\/strong><\/p>\n<\/td>\n<td style=\"width: 3.88312%;height: 24px\">&nbsp;<\/td>\n<\/tr>\n<tr style=\"height: 24px\">\n<td style=\"width: 3.12912%;height: 24px\">&nbsp;<\/td>\n<td style=\"width: 26.9746%;height: 24px\">&nbsp;<\/td>\n<td style=\"width: 6.89911%;height: 24px\">&nbsp;<\/td>\n<td style=\"width: 59.1141%;height: 24px\">&nbsp;<\/td>\n<td style=\"width: 3.88312%;height: 24px\">&nbsp;<\/td>\n<\/tr>\n<tr style=\"height: 24px\">\n<td style=\"width: 3.12912%;height: 24px\">&nbsp;<\/td>\n<td style=\"width: 26.9746%;height: 24px;text-align: center\"><a href=\"https:\/\/cpcx.ufms.br\/files\/2025\/09\/65.png\"><img loading=\"lazy\" decoding=\"async\" class=\"alignnone wp-image-12170\" src=\"https:\/\/cpcx.ufms.br\/files\/2025\/09\/65-300x300.png\" alt=\"\" width=\"180\" height=\"180\" srcset=\"https:\/\/cpcx.ufms.br\/files\/2025\/09\/65-300x300.png 300w, https:\/\/cpcx.ufms.br\/files\/2025\/09\/65-1024x1024.png 1024w, https:\/\/cpcx.ufms.br\/files\/2025\/09\/65-150x150.png 150w, https:\/\/cpcx.ufms.br\/files\/2025\/09\/65-768x768.png 768w, https:\/\/cpcx.ufms.br\/files\/2025\/09\/65-320x320.png 320w, https:\/\/cpcx.ufms.br\/files\/2025\/09\/65.png 1080w\" sizes=\"(max-width: 180px) 100vw, 180px\" \/><\/a><\/td>\n<td style=\"width: 6.89911%;height: 24px\">&nbsp;<\/td>\n<td style=\"width: 59.1141%;height: 24px;text-align: center\"><b>TAYN\u00c3 ARAUJO NAVES<\/b><\/p>\n<p style=\"text-align: justify\">Professor da Universidade Federal de Mato grosso do Sul &#8211; UFMS, onde atua no campus de Coxim. Licenciado em F\u00edsica pela Universidade Federal de Mato Grosso do Sul (2006), mestre em F\u00edsica pela Universidade Federal de Mato Grosso do Sul (2009) e bacharel em letras\/Libras pela Universidade Federal de Santa Catarina. Tem experi\u00eancia na \u00e1rea de Tradu\u00e7\u00e3o e Educa\u00e7\u00e3o, com \u00eanfase em M\u00e9todos e T\u00e9cnicas de Ensino, atuando principalmente nos seguintes temas: ensino de f\u00edsica, ensino de Libras e interpreta\u00e7\u00e3o\/tradu\u00e7\u00e3o de LIBRAS, com experi\u00eancia em guia-interpreta\u00e7\u00e3o. Possui Certifica\u00e7\u00e3o de profici\u00eancia no uso e ensino de Libras e profici\u00eancia em tradu\u00e7\u00e3o e interpreta\u00e7\u00e3o da Libras\/Portugu\u00eas\/Libras (ambos em n\u00edvel superior), denominado PROLIBRAS, conforme Decreto 5626\/05 que regulamenta a Lei n\u00ba 10436 de 24 de abril de 2002.<\/p>\n<p style=\"text-align: justify\"><strong>Ver&nbsp;<a href=\"http:\/\/lattes.cnpq.br\/6104521499386163\">Curr\u00edculo Lattes.<\/a><\/strong><\/p>\n<\/td>\n<td style=\"width: 3.88312%;height: 24px\">&nbsp;<\/td>\n<\/tr>\n<tr style=\"height: 24px\">\n<td style=\"width: 3.12912%;height: 24px\">&nbsp;<\/td>\n<td style=\"width: 26.9746%;height: 24px\">&nbsp;<\/td>\n<td style=\"width: 6.89911%;height: 24px\">&nbsp;<\/td>\n<td style=\"width: 59.1141%;height: 24px\">&nbsp;<\/td>\n<td style=\"width: 3.88312%;height: 24px\">&nbsp;<\/td>\n<\/tr>\n<\/tbody>\n<\/table>\n<\/div>\n\t\t\t\t<\/div>\n\t\t\t<\/div>\n<div class=\"panel panel-default\">\n\t\t\t\t<div class=\"panel-heading\">\n\t\t\t\t\t<h4 class=\"panel-title\">\n\t\t\t\t\t\t<a class=\"\" data-toggle=\"collapse\" data-parent=\"#single-collapse\" href=\"#single-collapse-1\">Afastados para Doutoramento<\/a>\n\t\t\t\t\t<\/h4>\n\t\t\t\t<\/div>\n\t\t\t\t<div id=\"single-collapse-1\" class=\"panel-collapse in\">\n\t\t\t\t\t<div class=\"panel-body\">\n<table style=\"border-collapse: collapse\">\n<tbody>\n<tr style=\"height: 24px\">\n<td style=\"width: 3.12912%;height: 24px\">&nbsp;<\/td>\n<td style=\"width: 26.9746%;height: 24px\">&nbsp;<\/td>\n<td style=\"width: 6.89911%;height: 24px\">&nbsp;<\/td>\n<td style=\"width: 59.1141%;height: 24px\">&nbsp;<\/td>\n<\/tr>\n<tr style=\"height: 24px\">\n<td style=\"width: 3.12912%;height: 24px\">&nbsp;<\/td>\n<td style=\"width: 26.9746%;height: 24px;text-align: center\"><a href=\"https:\/\/cpcx.ufms.br\/files\/2025\/09\/63.png\"><img loading=\"lazy\" decoding=\"async\" class=\"alignnone wp-image-12171\" src=\"https:\/\/cpcx.ufms.br\/files\/2025\/09\/63-300x300.png\" alt=\"\" width=\"180\" height=\"180\" srcset=\"https:\/\/cpcx.ufms.br\/files\/2025\/09\/63-300x300.png 300w, https:\/\/cpcx.ufms.br\/files\/2025\/09\/63-1024x1024.png 1024w, https:\/\/cpcx.ufms.br\/files\/2025\/09\/63-150x150.png 150w, https:\/\/cpcx.ufms.br\/files\/2025\/09\/63-768x768.png 768w, https:\/\/cpcx.ufms.br\/files\/2025\/09\/63-320x320.png 320w, https:\/\/cpcx.ufms.br\/files\/2025\/09\/63.png 1080w\" sizes=\"(max-width: 180px) 100vw, 180px\" \/><\/a><\/td>\n<td style=\"width: 6.89911%;height: 24px\">&nbsp;<\/td>\n<td style=\"width: 59.1141%;height: 24px;text-align: center\"><b>DEIVISTON DA SILVA AGUENA<\/b><\/p>\n<p style=\"text-align: justify\">Possui gradua\u00e7\u00e3o em Bacharelado em An\u00e1lise de Sistemas pela Universidade Federal de Mato Grosso do Sul (2000) e mestrado em Ci\u00eancia da Computa\u00e7\u00e3o pela Universidade Federal de Mato Grosso do Sul (2009) . Atualmente \u00e9 Professor Assistente II da Universidade Federal de Mato Grosso do Sul. Tem experi\u00eancia na \u00e1rea de Ci\u00eancia da Computa\u00e7\u00e3o , com \u00eanfase em Sistemas de Computa\u00e7\u00e3o.<\/p>\n<p style=\"text-align: justify\"><strong>Ver <a href=\"http:\/\/lattes.cnpq.br\/2210662099083990\">Curr\u00edculo Lattes.<\/a><\/strong><\/p>\n<\/td>\n<\/tr>\n<tr style=\"height: 24px\">\n<td style=\"width: 3.12912%;height: 24px\">&nbsp;<\/td>\n<td style=\"width: 26.9746%;height: 24px\">&nbsp;<\/td>\n<td style=\"width: 6.89911%;height: 24px\">&nbsp;<\/td>\n<td style=\"width: 59.1141%;height: 24px\">&nbsp;<\/td>\n<\/tr>\n<tr style=\"height: 24px\">\n<td style=\"width: 3.12912%;height: 24px\">&nbsp;<\/td>\n<td style=\"width: 26.9746%;height: 24px;text-align: center\"><a href=\"https:\/\/cpcx.ufms.br\/files\/2025\/09\/64.png\"><img loading=\"lazy\" decoding=\"async\" class=\"alignnone wp-image-12172\" src=\"https:\/\/cpcx.ufms.br\/files\/2025\/09\/64-300x300.png\" alt=\"\" width=\"180\" height=\"180\" srcset=\"https:\/\/cpcx.ufms.br\/files\/2025\/09\/64-300x300.png 300w, https:\/\/cpcx.ufms.br\/files\/2025\/09\/64-1024x1024.png 1024w, https:\/\/cpcx.ufms.br\/files\/2025\/09\/64-150x150.png 150w, https:\/\/cpcx.ufms.br\/files\/2025\/09\/64-768x768.png 768w, https:\/\/cpcx.ufms.br\/files\/2025\/09\/64-320x320.png 320w, https:\/\/cpcx.ufms.br\/files\/2025\/09\/64.png 1080w\" sizes=\"(max-width: 180px) 100vw, 180px\" \/><\/a><\/td>\n<td style=\"width: 6.89911%;height: 24px\">&nbsp;<\/td>\n<td style=\"width: 59.1141%;height: 24px;text-align: center\"><b>JULIANA WOLF PEREIRA<\/b><\/p>\n<p style=\"text-align: justify\">Bacharel em Sistemas de Informa\u00e7\u00e3o pela Universidade Federal de Mato Grosso do Sul (2011). Mestre em Ci\u00eancia da Computa\u00e7\u00e3o pela Universidade Federal de S\u00e3o Carlos (2014).&nbsp;<\/p>\n<p style=\"text-align: justify\"><strong>Ver&nbsp;<a href=\"http:\/\/lattes.cnpq.br\/6104521499386163\">Curr\u00edculo Lattes.<\/a><\/strong><\/p>\n<\/td>\n<\/tr>\n<tr style=\"height: 24px\">\n<td style=\"width: 3.12912%;height: 24px\">&nbsp;<\/td>\n<td style=\"width: 26.9746%;height: 24px\">&nbsp;<\/td>\n<td style=\"width: 6.89911%;height: 24px\">&nbsp;<\/td>\n<td style=\"width: 59.1141%;height: 24px\">&nbsp;<\/td>\n<\/tr>\n<\/tbody>\n<\/table>\n<\/div>\n\t\t\t\t<\/div>\n\t\t\t<\/div>\n<div class=\"panel panel-default\">\n\t\t\t\t<div class=\"panel-heading\">\n\t\t\t\t\t<h4 class=\"panel-title\">\n\t\t\t\t\t\t<a class=\"\" data-toggle=\"collapse\" data-parent=\"#single-collapse\" href=\"#single-collapse-2\">Contratados<\/a>\n\t\t\t\t\t<\/h4>\n\t\t\t\t<\/div>\n\t\t\t\t<div id=\"single-collapse-2\" class=\"panel-collapse in\">\n\t\t\t\t\t<div class=\"panel-body\">\n&#8230;<br \/>\n<\/div>\n\t\t\t\t<\/div>\n\t\t\t<\/div>\n","protected":false},"excerpt":{"rendered":"","protected":false},"author":60,"featured_media":0,"parent":604,"menu_order":0,"comment_status":"closed","ping_status":"open","template":"page-templates\/page-subcoordenadoria.php","meta":{"_eb_attr":"","ngg_post_thumbnail":0,"footnotes":""},"coauthors":[133,118,116],"class_list":["post-811","page","type-page","status-publish","hentry"],"_links":{"self":[{"href":"https:\/\/cpcx.ufms.br\/en\/wp-json\/wp\/v2\/pages\/811","targetHints":{"allow":["GET"]}}],"collection":[{"href":"https:\/\/cpcx.ufms.br\/en\/wp-json\/wp\/v2\/pages"}],"about":[{"href":"https:\/\/cpcx.ufms.br\/en\/wp-json\/wp\/v2\/types\/page"}],"author":[{"embeddable":true,"href":"https:\/\/cpcx.ufms.br\/en\/wp-json\/wp\/v2\/users\/60"}],"replies":[{"embeddable":true,"href":"https:\/\/cpcx.ufms.br\/en\/wp-json\/wp\/v2\/comments?post=811"}],"version-history":[{"count":60,"href":"https:\/\/cpcx.ufms.br\/en\/wp-json\/wp\/v2\/pages\/811\/revisions"}],"predecessor-version":[{"id":12173,"href":"https:\/\/cpcx.ufms.br\/en\/wp-json\/wp\/v2\/pages\/811\/revisions\/12173"}],"up":[{"embeddable":true,"href":"https:\/\/cpcx.ufms.br\/en\/wp-json\/wp\/v2\/pages\/604"}],"wp:attachment":[{"href":"https:\/\/cpcx.ufms.br\/en\/wp-json\/wp\/v2\/media?parent=811"}],"wp:term":[{"taxonomy":"author","embeddable":true,"href":"https:\/\/cpcx.ufms.br\/en\/wp-json\/wp\/v2\/coauthors?post=811"}],"curies":[{"name":"wp","href":"https:\/\/api.w.org\/{rel}","templated":true}]}}